{"id":6643,"date":"2021-09-27T16:39:46","date_gmt":"2021-09-27T14:39:46","guid":{"rendered":"https:\/\/www.aieop.org\/web\/?page_id=6643"},"modified":"2022-10-27T16:39:15","modified_gmt":"2022-10-27T14:39:15","slug":"reh-play","status":"publish","type":"page","link":"https:\/\/www.aieop.org\/web\/operatori-sanitari\/reh-play\/","title":{"rendered":"Reh-Play"},"content":{"rendered":"<p><div class=\"fusion-fullwidth fullwidth-box fusion-builder-row-1 hundred-percent-fullwidth non-hundred-percent-height-scrolling\" style=\"--awb-border-radius-top-left:0px;--awb-border-radius-top-right:0px;--awb-border-radius-bottom-right:0px;--awb-border-radius-bottom-left:0px;--awb-padding-top:20px;--awb-padding-bottom:20px;--awb-margin-top:0px;--awb-margin-bottom:0px;--awb-flex-wrap:wrap;\" ><div class=\"fusion-builder-row fusion-row\"><div class=\"fusion-layout-column fusion_builder_column fusion-builder-column-0 fusion_builder_column_1_6 1_6 fusion-one-sixth fusion-column-first\" style=\"--awb-bg-size:cover;width:16.666666666667%;width:calc(16.666666666667% - ( ( 4% ) * 0.16666666666667 ) );margin-right: 4%;\"><div class=\"fusion-column-wrapper fusion-flex-column-wrapper-legacy\"><div class=\"fusion-text fusion-text-1\"><p><img decoding=\"async\" class=\"alignnone size-full wp-image-6708\" src=\"\/web\/wp-content\/uploads\/2021\/09\/logo-reh-play.png\" alt=\"\" width=\"500\" height=\"500\" srcset=\"https:\/\/www.aieop.org\/web\/wp-content\/uploads\/2021\/09\/logo-reh-play-45x45.png 45w, https:\/\/www.aieop.org\/web\/wp-content\/uploads\/2021\/09\/logo-reh-play-66x66.png 66w, https:\/\/www.aieop.org\/web\/wp-content\/uploads\/2021\/09\/logo-reh-play-150x150.png 150w, https:\/\/www.aieop.org\/web\/wp-content\/uploads\/2021\/09\/logo-reh-play-200x200.png 200w, https:\/\/www.aieop.org\/web\/wp-content\/uploads\/2021\/09\/logo-reh-play-300x300.png 300w, https:\/\/www.aieop.org\/web\/wp-content\/uploads\/2021\/09\/logo-reh-play-400x400.png 400w, https:\/\/www.aieop.org\/web\/wp-content\/uploads\/2021\/09\/logo-reh-play.png 500w\" sizes=\"(max-width: 500px) 100vw, 500px\" \/><\/p>\n<\/div><div class=\"fusion-sep-clear\"><\/div><div class=\"fusion-separator fusion-full-width-sep\" style=\"margin-left: auto;margin-right: auto;width:100%;\"><\/div><div class=\"fusion-sep-clear\"><\/div><div class=\"fusion-aligncenter\"><a class=\"fusion-button button-flat fusion-button-default-size button-custom fusion-button-default button-1 fusion-button-default-span \" style=\"--button_accent_color:var(--awb-color1);--button_border_color:var(--awb-color5);--button_accent_hover_color:#ffffff;--button_border_hover_color:#ffffff;--button_border_width-top:1px;--button_border_width-right:1px;--button_border_width-bottom:1px;--button_border_width-left:1px;--button_gradient_top_color:var(--awb-color5);--button_gradient_bottom_color:var(--awb-color5);--button_gradient_top_color_hover:#005a7b;--button_gradient_bottom_color_hover:#005a7b;\" target=\"_blank\" rel=\"noopener noreferrer\" href=\"https:\/\/www.reh-play.it\/\"><span class=\"fusion-button-text\">VAI AL SITO REH-PLAY<\/span><\/a><\/div><div class=\"fusion-clearfix\"><\/div><\/div><\/div><div class=\"fusion-layout-column fusion_builder_column fusion-builder-column-1 fusion_builder_column_2_3 2_3 fusion-two-third fusion-column-last gdl-box\" style=\"--awb-bg-size:cover;--awb-margin-bottom:0px;width:66.666666666667%;width:calc(66.666666666667% - ( ( 4% ) * 0.66666666666667 ) );\"><div class=\"fusion-column-wrapper fusion-flex-column-wrapper-legacy\"><div class=\"fusion-title title fusion-title-1 fusion-sep-none fusion-title-text fusion-title-size-three reh-play-titolo\" style=\"--awb-margin-bottom:10px;--awb-sep-color:#c4c4c4;\"><h3 class=\"fusion-title-heading title-heading-left\" style=\"margin:0;\">Chi siamo<\/h3><\/div><div class=\"fusion-text fusion-text-2 reh-play\"><p><strong>GDL RIABILITAZIONE AIEOP<\/strong><\/p>\n<p>Il nostro Gruppo di Lavoro (GdL)<strong> \u00e8 nato in forma spontanea nel 2015 con il desiderio di condividere le esperienze dei vari Terapisti<\/strong> (Fisioterapisti e Terapisti della Neuro e Psicomotricit\u00e0 dell\u2019Et\u00e0 Evolutiva) <strong>e Medici Riabilitatori <\/strong>(Fisiatri e Neuropsichiatri Infantili) che si occupano sul territorio nazionale della presa in carico riabilitativa dei bambini e adolescenti affetti da patologie onco-ematologiche.<\/p>\n<p><strong>Nel 2016 il GdL di Riabilitazione \u00e8 stato riconosciuto dall\u2019AIEOP<\/strong> e ha posto al centro della propria attivit\u00e0 la promozione della ricerca e della formazione, per il miglioramento e l&#8217;omogeneizzazione delle modalit\u00e0 di presa in carico riabilitativa sul territorio nazionale.<\/p>\n<\/div><div class=\"fusion-title title fusion-title-2 fusion-sep-none fusion-title-text fusion-title-size-three reh-play-titolo\" style=\"--awb-margin-bottom:10px;--awb-sep-color:#c4c4c4;\"><h3 class=\"fusion-title-heading title-heading-left\" style=\"margin:0;\">La nostra mission<\/h3><\/div><div class=\"fusion-text fusion-text-3 reh-play\"><p>La nostra mission \u00e8 <strong>far conoscere la realt\u00e0 della riabilitazione in onco-ematologia pediatrica <\/strong>perch\u00e9 tutti i bambini\/adolescenti che hanno o hanno avuto un tumore hanno il diritto a una seconda possibilit\u00e0 e perch\u00e9 recuperare \u00e8 possibile!<\/p>\n<p>Inoltre vorremmo che tutte le famiglie coinvolte in questi percorsi di cura sappiano che<strong> la riabilitazione e<\/strong><br \/>\n<strong>l\u2019attivit\u00e0 motoria adattata, anche durante il periodo delle terapie, sono efficaci, sicure e senza effetti collaterali!<\/strong><\/p>\n<p>In questi anni abbiamo portato avanti diversi progetti:<\/p>\n<\/div><div class=\"fusion-image-element fusion-no-small-visibility in-legacy-container\" style=\"--awb-caption-title-font-family:var(--h2_typography-font-family);--awb-caption-title-font-weight:var(--h2_typography-font-weight);--awb-caption-title-font-style:var(--h2_typography-font-style);--awb-caption-title-size:var(--h2_typography-font-size);--awb-caption-title-transform:var(--h2_typography-text-transform);--awb-caption-title-line-height:var(--h2_typography-line-height);--awb-caption-title-letter-spacing:var(--h2_typography-letter-spacing);\"><span class=\" fusion-imageframe imageframe-none imageframe-1 hover-type-none\"><img decoding=\"async\" width=\"1024\" height=\"800\" title=\"timelineok (1024 x 450 px) (1024 x 600 px) (1)\" src=\"\/web\/wp-content\/uploads\/2021\/10\/timelineok-1024-x-450-px-1024-x-600-px-1.png\" alt class=\"img-responsive wp-image-6726\" srcset=\"https:\/\/www.aieop.org\/web\/wp-content\/uploads\/2021\/10\/timelineok-1024-x-450-px-1024-x-600-px-1-200x156.png 200w, https:\/\/www.aieop.org\/web\/wp-content\/uploads\/2021\/10\/timelineok-1024-x-450-px-1024-x-600-px-1-400x313.png 400w, https:\/\/www.aieop.org\/web\/wp-content\/uploads\/2021\/10\/timelineok-1024-x-450-px-1024-x-600-px-1-600x469.png 600w, https:\/\/www.aieop.org\/web\/wp-content\/uploads\/2021\/10\/timelineok-1024-x-450-px-1024-x-600-px-1-800x625.png 800w, https:\/\/www.aieop.org\/web\/wp-content\/uploads\/2021\/10\/timelineok-1024-x-450-px-1024-x-600-px-1.png 1024w\" sizes=\"(max-width: 800px) 100vw, 1024px\" \/><\/span><\/div><div class=\"fusion-image-element fusion-image-align-center fusion-no-medium-visibility fusion-no-large-visibility in-legacy-container\" style=\"text-align:center;--awb-caption-title-font-family:var(--h2_typography-font-family);--awb-caption-title-font-weight:var(--h2_typography-font-weight);--awb-caption-title-font-style:var(--h2_typography-font-style);--awb-caption-title-size:var(--h2_typography-font-size);--awb-caption-title-transform:var(--h2_typography-text-transform);--awb-caption-title-line-height:var(--h2_typography-line-height);--awb-caption-title-letter-spacing:var(--h2_typography-letter-spacing);\"><div class=\"imageframe-align-center\"><span class=\" fusion-imageframe imageframe-none imageframe-2 hover-type-none\"><img decoding=\"async\" width=\"360\" height=\"1100\" title=\"timelineok (1024 x 450 px) (360 x 1024 px) (360 x 1090 px) (1)\" src=\"\/web\/wp-content\/uploads\/2021\/10\/timelineok-1024-x-450-px-360-x-1024-px-360-x-1090-px-1.png\" alt class=\"img-responsive wp-image-6728\" srcset=\"https:\/\/www.aieop.org\/web\/wp-content\/uploads\/2021\/10\/timelineok-1024-x-450-px-360-x-1024-px-360-x-1090-px-1-200x611.png 200w, https:\/\/www.aieop.org\/web\/wp-content\/uploads\/2021\/10\/timelineok-1024-x-450-px-360-x-1024-px-360-x-1090-px-1.png 360w\" sizes=\"(max-width: 800px) 100vw, 360px\" \/><\/span><\/div><\/div><div class=\"fusion-text fusion-text-4 reh-play\"><p>Scarica la<em> traduzione dall\u2019inglese all\u2019italiano del libro <strong>Pediatric Exercise Manual (POEM)<\/strong> &#8211; Family version <\/em>&#8211; un testo realizzato dall&#8217;Universit\u00e0 di Calgary (Canada) riguardante l\u2019attivit\u00e0 motoria e la riabilitazione nei bambini e adolescenti affetti da tumore, dedicato alle famiglie.<\/p>\n<\/div><div class=\"fusion-aligncenter\"><a class=\"fusion-button button-flat fusion-button-default-size button-custom fusion-button-default button-2 fusion-button-default-span reh-play-button\" style=\"--button_accent_color:#005a7b;--button_border_color:#005a7b;--button_accent_hover_color:#ffffff;--button_border_hover_color:#ffffff;--button_border_width-top:1px;--button_border_width-right:1px;--button_border_width-bottom:1px;--button_border_width-left:1px;--button_gradient_top_color:#ffffff;--button_gradient_bottom_color:#ffffff;--button_gradient_top_color_hover:#005a7b;--button_gradient_bottom_color_hover:#005a7b;\" target=\"_blank\" rel=\"noopener noreferrer\" href=\"\/web\/wp-content\/uploads\/2021\/09\/POEM-italian-version-7.5.18.pdf\"><span class=\"fusion-button-text\">VAI AL POEM<\/span><\/a><\/div><div class=\"fusion-text fusion-text-5 reh-play\"><p>Considerata la carenza, a livello internazionale, di linee guida circa la riabilitazione dei pazienti affetti da patologia oncologica in et\u00e0 evolutiva, <em>dal 2016 al 2018 abbiamo intrapreso un percorso di<strong> Consensus Conference<\/strong> sul ruolo della riabilitazione nei percorsi di cura dei pazienti oncologici pediatrici<\/em>.<\/p>\n<\/div><div class=\"fusion-aligncenter\"><a class=\"fusion-button button-flat fusion-button-default-size button-custom fusion-button-default button-3 fusion-button-default-span reh-play-button\" style=\"--button_accent_color:#005a7b;--button_border_color:#005a7b;--button_accent_hover_color:#ffffff;--button_border_hover_color:#ffffff;--button_border_width-top:1px;--button_border_width-right:1px;--button_border_width-bottom:1px;--button_border_width-left:1px;--button_gradient_top_color:#ffffff;--button_gradient_bottom_color:#ffffff;--button_gradient_top_color_hover:#005a7b;--button_gradient_bottom_color_hover:#005a7b;\" target=\"_blank\" rel=\"noopener noreferrer\" href=\"\/web\/wp-content\/uploads\/2021\/09\/Consensus-Conference-Riabilitazione-in-Oncologia-Pediatrica-2018.pdf\"><span class=\"fusion-button-text\">SCARICA LA CONSENSUS<\/span><\/a><\/div><div class=\"fusion-text fusion-text-6 reh-play\"><p>Dall\u2019inizio del 2019 il nostro gruppo di lavoro sta lavorando al <strong><br \/>\n<em>progetto Functional Abilities Assessment in Pediatric Oncology (FAAP-O)<\/em><br \/>\n<\/strong><br \/>\n<em>: <\/em>uno studio osservazionale multicentrico che ha l\u2019obiettivo di validare una scala di valutazione delle abilit\u00e0 motorie globali dei bambini e adolescenti affetti da tumore, facilmente somministrabile nella pratica clinica dei diversi centri ITALIANI. Avere uno strumento di valutazione comune ci aiuter\u00e0 a creare dei percorsi di riabilitazione condivisi e pi\u00f9 appropriati.<\/p>\n<p>Da Febbraio 2020, con la diffusione della pandemia da Covid-19, stiamo lavorando al <strong>progetto Reh-play<\/strong> che ha come obiettivo primario quello di facilitare la <em>riabilitazione a distanza<\/em> per migliorare la continuit\u00e0 della presa in carico riabilitativa tra ospedale e domicilio.<\/p>\n<\/div><div class=\"fusion-title title fusion-title-3 fusion-sep-none fusion-title-text fusion-title-size-three reh-play-titolo\" style=\"--awb-margin-bottom:10px;--awb-sep-color:#c4c4c4;\"><h3 class=\"fusion-title-heading title-heading-left\" style=\"margin:0;\">Le associazioni che sostengono il progetto<\/h3><\/div><div class=\"fusion-text fusion-text-7 reh-play\"><p>Le associazioni conGiulia ONLUS di Bergamo e UGI di Torino si sono rese disponibili fin da subito a sostenere economicamente il progetto del sito Reh-PLAY consapevoli dell\u2019importanza di promuovere una corretta informazione sia tra le famiglie che si trovano a vivere delle esperienze, spesso di lunga durata, nei reparti di onco-ematologia pediatrica, sia nella popolazione generale. Il sito reh-play infatti non vuole essere solo un sito di informazione ma anche una realt\u00e0 di riferimento sul territorio nazionale, ricco di confronti e testimonianze delle diverse realt\u00e0 territoriali.<\/p>\n<p>Per qualunque informazione in merito al progetto, o se avete bisogno di informazioni potete contattare le associazioni. Sar\u00e0 loro premura avvisarci e noi vi ricontatteremo.<\/p>\n<\/div><div class=\"fusion-clearfix\"><\/div><\/div><\/div><\/div><\/div><div class=\"fusion-fullwidth fullwidth-box fusion-builder-row-2 hundred-percent-fullwidth non-hundred-percent-height-scrolling\" style=\"--awb-border-radius-top-left:0px;--awb-border-radius-top-right:0px;--awb-border-radius-bottom-right:0px;--awb-border-radius-bottom-left:0px;--awb-padding-top:20px;--awb-padding-bottom:20px;--awb-margin-top:0px;--awb-margin-bottom:0px;--awb-flex-wrap:wrap;\" ><div class=\"fusion-builder-row fusion-row\"><div class=\"fusion-layout-column fusion_builder_column fusion-builder-column-2 fusion_builder_column_1_6 1_6 fusion-one-sixth fusion-column-first\" style=\"--awb-bg-size:cover;width:16.666666666667%;width:calc(16.666666666667% - ( ( 4% ) * 0.16666666666667 ) );margin-right: 4%;\"><div class=\"fusion-column-wrapper fusion-flex-column-wrapper-legacy\"><div class=\"fusion-text fusion-text-8\"><p><img decoding=\"async\" class=\"alignnone size-full wp-image-6680\" src=\"\/web\/wp-content\/uploads\/2021\/09\/asscongiulia.jpeg\" alt=\"\" width=\"179\" height=\"209\" \/><\/p>\n<\/div><div class=\"fusion-sep-clear\"><\/div><div class=\"fusion-separator fusion-full-width-sep\" style=\"margin-left: auto;margin-right: auto;width:100%;\"><\/div><div class=\"fusion-sep-clear\"><\/div><div class=\"fusion-clearfix\"><\/div><\/div><\/div><div class=\"fusion-layout-column fusion_builder_column fusion-builder-column-3 fusion_builder_column_2_3 2_3 fusion-two-third fusion-column-last gdl-box\" style=\"--awb-bg-size:cover;--awb-margin-bottom:0px;width:66.666666666667%;width:calc(66.666666666667% - ( ( 4% ) * 0.66666666666667 ) );\"><div class=\"fusion-column-wrapper fusion-flex-column-wrapper-legacy\"><div class=\"fusion-text fusion-text-9 reh-play\"><p><strong>L\u2019 Associazione conGiulia Onlus<\/strong>, costituita dai genitori \u2013 Antonio e Sara \u2013 e da alcuni familiari e amici, \u00e8 nata pochi mesi dopo la partenza di Giulia Gabrieli per il cielo, con l\u2019intento di dar forma \u2013 con Giulia, appunto \u2013 ai progetti che lei aveva in cuore. L\u2019associazione conGiulia si occupa del sostegno organizzativo ed economico dei progetti ideati per i bambini e i ragazzi dell\u2019onco-ematologia pediatrica dell\u2019ospedale Papa Giovanni XXIII di Bergamo con l\u2019obiettivo di migliorarne la qualit\u00e0 di vita durante il periodo di ospedalizzazione e la possibilit\u00e0 di cura.<\/p>\n<p>L\u2019associazione si occupa infatti di garantire il proseguimento della scuola in ospedale, di poter effettuare terapie ed esami al domicilio per limitare i giorni di ospedalizzazione, sostiene economicamente parte del personale sanitario e amministrativo, agevola le famiglie dal punto di vista amministrativo e logistico durante il percorso di cura, sostiene l\u2019acquisto di materiale sanitario, riabilitativo e ludico e organizza eventi artistici e culturali per i pazienti e le loro famiglie.<\/p>\n<p>Tra i progetti sostenuti dall\u2019associazione conGiulia c\u2019\u00e8 il progetto \u201cMuoviamoci insieme\u201d (iniziato a Marzo 2018) che sostiene la presenza di due fisioterapisti all\u2019interno del reparto e sul territorio (a domicilio, in piscina e in palestra riabilitativa). L\u2019obiettivo del progetto \u00e8 di prevenire l\u2019allettamento, gli effetti collaterali dei farmaci chemioterapici sul sistema muscolo-scheletrico, neurologico e cognitivo e accompagnare i piccoli pazienti alla ripresa dell\u2019attivit\u00e0 sportiva al termine del percorso di cura.<\/p>\n<\/div><div class=\"fusion-aligncenter\"><a class=\"fusion-button button-flat fusion-button-default-size button-custom fusion-button-default button-4 fusion-button-default-span reh-play-button\" style=\"--button_accent_color:#005a7b;--button_border_color:#005a7b;--button_accent_hover_color:#ffffff;--button_border_hover_color:#ffffff;--button_border_width-top:1px;--button_border_width-right:1px;--button_border_width-bottom:1px;--button_border_width-left:1px;--button_gradient_top_color:#ffffff;--button_gradient_bottom_color:#ffffff;--button_gradient_top_color_hover:#005a7b;--button_gradient_bottom_color_hover:#005a7b;\" target=\"_blank\" rel=\"noopener noreferrer\" href=\"https:\/\/www.congiulia.com\/\"><span class=\"fusion-button-text\">SCOPRI L&#8217;ASSOCIAZIONE<\/span><\/a><\/div><div class=\"fusion-clearfix\"><\/div><\/div><\/div><\/div><\/div><div class=\"fusion-fullwidth fullwidth-box fusion-builder-row-3 hundred-percent-fullwidth non-hundred-percent-height-scrolling\" style=\"--awb-border-radius-top-left:0px;--awb-border-radius-top-right:0px;--awb-border-radius-bottom-right:0px;--awb-border-radius-bottom-left:0px;--awb-padding-top:20px;--awb-padding-bottom:20px;--awb-margin-top:0px;--awb-margin-bottom:0px;--awb-flex-wrap:wrap;\" ><div class=\"fusion-builder-row fusion-row\"><div class=\"fusion-layout-column fusion_builder_column fusion-builder-column-4 fusion_builder_column_1_6 1_6 fusion-one-sixth fusion-column-first\" style=\"--awb-bg-size:cover;width:16.666666666667%;width:calc(16.666666666667% - ( ( 4% ) * 0.16666666666667 ) );margin-right: 4%;\"><div class=\"fusion-column-wrapper fusion-flex-column-wrapper-legacy\"><div class=\"fusion-text fusion-text-10\"><p><img decoding=\"async\" class=\"alignnone size-full wp-image-6682\" src=\"\/web\/wp-content\/uploads\/2021\/09\/ugi-logo.png\" alt=\"\" width=\"254\" height=\"198\" srcset=\"https:\/\/www.aieop.org\/web\/wp-content\/uploads\/2021\/09\/ugi-logo-200x156.png 200w, https:\/\/www.aieop.org\/web\/wp-content\/uploads\/2021\/09\/ugi-logo.png 254w\" sizes=\"(max-width: 254px) 100vw, 254px\" \/><\/p>\n<\/div><div class=\"fusion-sep-clear\"><\/div><div class=\"fusion-separator fusion-full-width-sep\" style=\"margin-left: auto;margin-right: auto;width:100%;\"><\/div><div class=\"fusion-sep-clear\"><\/div><div class=\"fusion-clearfix\"><\/div><\/div><\/div><div class=\"fusion-layout-column fusion_builder_column fusion-builder-column-5 fusion_builder_column_2_3 2_3 fusion-two-third fusion-column-last gdl-box\" style=\"--awb-bg-size:cover;--awb-margin-bottom:0px;width:66.666666666667%;width:calc(66.666666666667% - ( ( 4% ) * 0.66666666666667 ) );\"><div class=\"fusion-column-wrapper fusion-flex-column-wrapper-legacy\"><div class=\"fusion-text fusion-text-11 reh-play\"><p><strong>L\u2019UGI &#8211; Unione Genitori Italiani contro il tumore dei bambini \u2013 ONLUS<\/strong>, \u00e8 nata nel 1980 a Torino presso l\u2019Ospedale Infantile Regina Margherita per volere di un gruppo di genitori di bambini affetti da tumore che desideravano offrire ad altri genitori un sostegno nel percorso di cura e ai bambini attivit\u00e0 di gioco e didattiche. L\u2019obiettivo dell\u2019Associazione \u00e8 quello di migliorare la qualit\u00e0 della vita dei bambini e ragazzi nel corso della terapia e aiutare le famiglie ad affrontare le difficolt\u00e0 di ordine personale, economico e logistico che possono presentarsi nel corso della malattia dei loro figli. Ugi contribuisce inoltre alla ricerca scientifica (borse di studio a medici e ricercatori, acquisto apparecchiature e attrezzature sanitarie) e alla diffusione della cultura sanitaria.<\/p>\n<p>Da ottobre 2020 \u00e8 attivo il servizio riabilitativo per bambini e ragazzi che necessitano una presa in carico per difficolt\u00e0 neuromotorie, logopediche o visive dopo il percorso di cura oncologico. L\u2019attivit\u00e0 riabilitativa viene svolta in Casa UGI, dove vengono ospitate le famiglie dei bambini e ragazzi che risiedono fuori Torino in terapia presso il Centro di Oncoematologia Pediatrica dell\u2019Ospedale Infantile Regina Margherita, e nella palestra di UGIDUE. UGIDUE \u00e8 il primo centro di riabilitazione funzionale gratuito per bambini in terapia o fuori terapia, integrando l\u2019offerta del servizio pubblico e diventando punto di riferimento regionale.<\/p>\n<\/div><div class=\"fusion-aligncenter\"><a class=\"fusion-button button-flat fusion-button-default-size button-custom fusion-button-default button-5 fusion-button-default-span reh-play-button\" style=\"--button_accent_color:#005a7b;--button_border_color:#005a7b;--button_accent_hover_color:#ffffff;--button_border_hover_color:#ffffff;--button_border_width-top:1px;--button_border_width-right:1px;--button_border_width-bottom:1px;--button_border_width-left:1px;--button_gradient_top_color:#ffffff;--button_gradient_bottom_color:#ffffff;--button_gradient_top_color_hover:#005a7b;--button_gradient_bottom_color_hover:#005a7b;\" target=\"_blank\" rel=\"noopener noreferrer\" href=\"https:\/\/www.ugi-torino.it\/\"><span class=\"fusion-button-text\">SCOPRI L&#8217;ASSOCIAZIONE<\/span><\/a><\/div><div class=\"fusion-clearfix\"><\/div><\/div><\/div><\/div><\/div><\/p>\n","protected":false},"excerpt":{"rendered":"","protected":false},"author":1,"featured_media":1100,"parent":294,"menu_order":0,"comment_status":"closed","ping_status":"closed","template":"","meta":{"footnotes":""},"class_list":["post-6643","page","type-page","status-publish","has-post-thumbnail","hentry"],"_links":{"self":[{"href":"https:\/\/www.aieop.org\/web\/wp-json\/wp\/v2\/pages\/6643","targetHints":{"allow":["GET"]}}],"collection":[{"href":"https:\/\/www.aieop.org\/web\/wp-json\/wp\/v2\/pages"}],"about":[{"href":"https:\/\/www.aieop.org\/web\/wp-json\/wp\/v2\/types\/page"}],"author":[{"embeddable":true,"href":"https:\/\/www.aieop.org\/web\/wp-json\/wp\/v2\/users\/1"}],"replies":[{"embeddable":true,"href":"https:\/\/www.aieop.org\/web\/wp-json\/wp\/v2\/comments?post=6643"}],"version-history":[{"count":54,"href":"https:\/\/www.aieop.org\/web\/wp-json\/wp\/v2\/pages\/6643\/revisions"}],"predecessor-version":[{"id":8489,"href":"https:\/\/www.aieop.org\/web\/wp-json\/wp\/v2\/pages\/6643\/revisions\/8489"}],"up":[{"embeddable":true,"href":"https:\/\/www.aieop.org\/web\/wp-json\/wp\/v2\/pages\/294"}],"wp:featuredmedia":[{"embeddable":true,"href":"https:\/\/www.aieop.org\/web\/wp-json\/wp\/v2\/media\/1100"}],"wp:attachment":[{"href":"https:\/\/www.aieop.org\/web\/wp-json\/wp\/v2\/media?parent=6643"}],"curies":[{"name":"wp","href":"https:\/\/api.w.org\/{rel}","templated":true}]}}